{"id":3244,"date":"2026-07-21T15:11:44","date_gmt":"2026-07-21T15:11:44","guid":{"rendered":"https:\/\/www.waldorfastorialoscabospedregal.com\/?post_type=experience&#038;p=3244"},"modified":"2026-08-22T00:03:30","modified_gmt":"2026-08-22T00:03:30","slug":"accion-de-gracias","status":"publish","type":"experience","link":"https:\/\/www.waldorfastorialoscabospedregal.com\/es\/experiences\/thanksgiving\/","title":{"rendered":"Acci\u00f3n de gracias en Los Cabos"},"content":{"rendered":"<section id=\"Thanksgiving \" class=\"general-hero general-hero--light\">\r\n    <div class=\"home-hero\">\r\n                    <video loop playsinline autoplay class=\"home-hero__bg video-autoplay__ready\" muted preload=\"none\" poster=\"\">\r\n                <source src=\"https:\/\/cdn.waldorfastorialoscabospedregal.com\/wp-content\/uploads\/2025\/11\/21231735\/Thanksgiving-2025-webres.mp4\" type=\"video\/mp4\">\r\n            <\/video>\r\n\r\n            <button class=\"btn-audio\" aria-label=\"Conmutar audio\">\r\n                <span class=\"btn-audio--play\">\r\n                    <svg width=\"16\" height=\"15\" viewbox=\"0 0 16 15\" fill=\"none\" xmlns=\"http:\/\/www.w3.org\/2000\/svg\">\r\n                        <rect y=\"4\" width=\"4\" height=\"11\" fill=\"white\"\/>\r\n                        <rect x=\"6\" width=\"4\" height=\"15\" fill=\"white\"\/>\r\n                        <rect x=\"12\" y=\"2\" width=\"4\" height=\"13\" fill=\"white\"\/>\r\n                    <\/svg>\r\n                <\/span>\r\n                <span class=\"btn-audio--mute\">\r\n                    <svg width=\"10\" height=\"15\" viewbox=\"0 0 10 15\" fill=\"none\" xmlns=\"http:\/\/www.w3.org\/2000\/svg\">\r\n                        <rect width=\"4\" height=\"15\" fill=\"white\"\/>\r\n                        <rect x=\"6\" width=\"4\" height=\"15\" fill=\"white\"\/>\r\n                    <\/svg>\r\n                <\/span>\r\n            <\/button>\r\n            <\/div>\r\n    <div class=\"general-hero__content\">\r\n        <div class=\"general-hero__content--inner\">\r\n                            <div class=\"general-hero__text a-up\"><h5 style=\"text-align: center;\"><\/h5>\n<h5 style=\"text-align: center;\"><\/h5>\n<\/div>\r\n                    <\/div>\r\n    <\/div>\r\n<\/section>\r\n\r\n<style>\r\n    #Thanksgiving  .home-hero::after {\r\n        opacity: 0 !important;\r\n    }\r\n    #Thanksgiving  .general-hero__content {\r\n        margin-top: -0vh;\r\n    }\r\n<\/style>\n\n<section id=\"responsive-spacer-block_8e8c6a5eaa4c5781fa0c9fd6ad7fbd98\" class=\"responsive-spacer\">\r\n<\/section>\r\n<style>\r\n    #responsive-spacer-block_8e8c6a5eaa4c5781fa0c9fd6ad7fbd98 {\r\n        width: 100%;\r\n    }\r\n        #responsive-spacer-block_8e8c6a5eaa4c5781fa0c9fd6ad7fbd98 {\r\n        height: 200px;\r\n    }\r\n                @media (min-width: 769px) {\r\n            #responsive-spacer-block_8e8c6a5eaa4c5781fa0c9fd6ad7fbd98 {\r\n                height: 200px;\r\n            }\r\n        }\r\n                @media (min-width: 1201px) {\r\n            #responsive-spacer-block_8e8c6a5eaa4c5781fa0c9fd6ad7fbd98 {\r\n                height: 200px;\r\n            }\r\n        }\r\n    <\/style>\n\n<section id=\"custom-wysiwig-block_e3e08c61d321d169b7be6e036f475031\" class=\"custom-wysiwig a-up\">\r\n    <div class=\"container\">\r\n        <h6 style=\"text-align: center;\">Un lugar para reunirse<\/h6>\n<h1 style=\"text-align: center;\"><strong>Acci\u00f3n de gracias en Los Cabos<\/strong><\/h1>\n<h6 class=\"isSelectedEnd\" style=\"text-align: center;\">26 y 29 de noviembre de 2026<\/h6>\n<p>&nbsp;<\/p>\n<p class=\"PDq2pG_selectionAnchorContainer\" style=\"text-align: center;\" data-start=\"13681\" data-end=\"13991\">El D\u00eda de Acci\u00f3n de Gracias en Waldorf Astoria Los Cabos Pedregal re\u00fane cenas festivas inspiradas en Baja California, tradiciones significativas y momentos inolvidables junto al Pac\u00edfico. La celebraci\u00f3n de 2026 incluye una cena en Don Manuel\u2019s y un brunch dominical frente al mar en The Beach Club Palapa.<\/p>\n<p style=\"text-align: center;\" data-start=\"13993\" data-end=\"14228\">Algunas tradiciones valen la pena conservar. Otras son a\u00fan mejores con vista al mar. Re\u00fanete con tus seres queridos, baja el ritmo y saborea un fin de semana de Acci\u00f3n de Gracias marcado por una cocina excepcional, momentos de descanso y la calidez natural de Los Cabos.<\/p>\n<p>&nbsp;<\/p>\n<p>&nbsp;<\/p>\n<p style=\"text-align: center;\"><a  href=\"mailto:SJDWA.Restaurants@waldorfastoria.com\" \r\n                    class=\"btn\" \r\n                    target=\"\" >Planifique su experiencia de Acci\u00f3n de Gracias<\/a><\/p>\n    <\/div>\r\n<\/section>\r\n<style>\r\n            #custom-wysiwig-block_e3e08c61d321d169b7be6e036f475031 h1 {\r\n            color: #2f2f2f;\r\n        }\r\n                #custom-wysiwig-block_e3e08c61d321d169b7be6e036f475031 h2 {\r\n            color: #2f2f2f;\r\n        }\r\n                #custom-wysiwig-block_e3e08c61d321d169b7be6e036f475031 h3 {\r\n            color: #2f2f2f;\r\n        }\r\n                #custom-wysiwig-block_e3e08c61d321d169b7be6e036f475031 h4 {\r\n            color: #2f2f2f;\r\n        }\r\n                #custom-wysiwig-block_e3e08c61d321d169b7be6e036f475031 h5 {\r\n            color: #2F2F2F;\r\n        }\r\n                #custom-wysiwig-block_e3e08c61d321d169b7be6e036f475031 h6 {\r\n            color: #2f2f2f;\r\n        }\r\n                #custom-wysiwig-block_e3e08c61d321d169b7be6e036f475031 p {\r\n            color: #000000;\r\n        }\r\n                #custom-wysiwig-block_e3e08c61d321d169b7be6e036f475031 a:not(.btn, .link, .cta) {\r\n            color: #000000;\r\n        }\r\n    <\/style>\n\n<section id=\"responsive-spacer-block_ceb4b08e661ab1529870d83d865384e7\" class=\"responsive-spacer\">\r\n<\/section>\r\n<style>\r\n    #responsive-spacer-block_ceb4b08e661ab1529870d83d865384e7 {\r\n        width: 100%;\r\n    }\r\n        #responsive-spacer-block_ceb4b08e661ab1529870d83d865384e7 {\r\n        height: 150px;\r\n    }\r\n                @media (min-width: 769px) {\r\n            #responsive-spacer-block_ceb4b08e661ab1529870d83d865384e7 {\r\n                height: 140px;\r\n            }\r\n        }\r\n                @media (min-width: 1201px) {\r\n            #responsive-spacer-block_ceb4b08e661ab1529870d83d865384e7 {\r\n                height: 130px;\r\n            }\r\n        }\r\n    <\/style>\n\n<section id=\"custom-wysiwig-block_89f3ef2a6612a4266fe7294dca86a69b\" class=\"custom-wysiwig a-up\">\r\n    <div class=\"container\">\r\n        <h1 style=\"text-align: center;\">Experiencias<\/h1>\n<p>&nbsp;<\/p>\n<p style=\"text-align: center;\">El D\u00eda de Acci\u00f3n de Gracias en Waldorf Astoria Los Cabos Pedregal se lleva a cabo el 26 y 29 de noviembre de 2026, e incluye una cena de Acci\u00f3n de Gracias en Don Manuel\u2019s y un brunch dominical en The Beach Club Palapa.<\/p>\n<p>&nbsp;<\/p>\n<h1><\/h1>\n<p>&nbsp;<\/p>\n    <\/div>\r\n<\/section>\r\n<style>\r\n            #custom-wysiwig-block_89f3ef2a6612a4266fe7294dca86a69b h1 {\r\n            color: #2f2f2f;\r\n        }\r\n                #custom-wysiwig-block_89f3ef2a6612a4266fe7294dca86a69b h2 {\r\n            color: #2f2f2f;\r\n        }\r\n                #custom-wysiwig-block_89f3ef2a6612a4266fe7294dca86a69b h3 {\r\n            color: #2f2f2f;\r\n        }\r\n                #custom-wysiwig-block_89f3ef2a6612a4266fe7294dca86a69b h4 {\r\n            color: #2f2f2f;\r\n        }\r\n                #custom-wysiwig-block_89f3ef2a6612a4266fe7294dca86a69b h5 {\r\n            color: #2F2F2F;\r\n        }\r\n                #custom-wysiwig-block_89f3ef2a6612a4266fe7294dca86a69b h6 {\r\n            color: #2f2f2f;\r\n        }\r\n                #custom-wysiwig-block_89f3ef2a6612a4266fe7294dca86a69b p {\r\n            color: #000000;\r\n        }\r\n                #custom-wysiwig-block_89f3ef2a6612a4266fe7294dca86a69b a:not(.btn, .link, .cta) {\r\n            color: #000000;\r\n        }\r\n    <\/style>\n\n<section id=\"slider-block_70521addb7bfab6dc76cded48668b50e\" class=\"slider\">\r\n    <div class=\"container\">\r\n        <div class=\"slides slides-images\">\r\n                            <div class=\"slide\">\r\n                    <div class=\"slide-img\">\r\n                                                    <a href=\"https:\/\/cdn.waldorfastorialoscabospedregal.com\/wp-content\/uploads\/2025\/10\/22233100\/Turkey-at-Su-Cocina.jpg\" data-fancybox=\"gallery\" rel=\"slider-block_70521addb7bfab6dc76cded48668b50e\" data-caption=\"\">\r\n                                <img class=\"lazyload\" data-src=\"https:\/\/cdn.waldorfastorialoscabospedregal.com\/wp-content\/uploads\/2025\/10\/22233100\/Turkey-at-Su-Cocina-1209x665.jpg\" alt=\"Banquete de Acci\u00f3n de Gracias\">\r\n                            <\/a>\r\n                                                                    <\/div>\r\n                <\/div>\r\n                            <div class=\"slide\">\r\n                    <div class=\"slide-img\">\r\n                                                    <a href=\"https:\/\/cdn.waldorfastorialoscabospedregal.com\/wp-content\/uploads\/2025\/11\/22001653\/Brunch-at-Beach-Club-Palapa.jpg\" data-fancybox=\"gallery\" rel=\"slider-block_70521addb7bfab6dc76cded48668b50e\" data-caption=\"\">\r\n                                <img class=\"lazyload\" data-src=\"https:\/\/cdn.waldorfastorialoscabospedregal.com\/wp-content\/uploads\/2025\/11\/22001653\/Brunch-at-Beach-Club-Palapa-1209x665.jpg\" alt=\"Brunch en el Beach Club Palapa\">\r\n                            <\/a>\r\n                                                                    <\/div>\r\n                <\/div>\r\n                    <\/div>\r\n        <div class=\"slides slides-contents\">\r\n                            <div class=\"slide\">\r\n                    <div class=\"slide-content\">\r\n                                                    <h6 class=\"slide-title\">Cena de Acci\u00f3n de Gracias en casa de Don Manuel<\/h6>\r\n                                                                            <p class=\"slide-desc\">Este D\u00eda de Acci\u00f3n de Gracias, acom\u00f3dese para una velada en el para\u00edso donde las tradiciones queridas se encuentran con los vibrantes sabores de Baja. Con el Pac\u00edfico justo m\u00e1s all\u00e1 de la mesa, la noche se convierte en una celebraci\u00f3n de lo que m\u00e1s importa: el tiempo juntos, la conexi\u00f3n significativa y el arte de dar gracias.<\/p>\r\n                                            <\/div>\r\n                <\/div>\r\n                            <div class=\"slide\">\r\n                    <div class=\"slide-content\">\r\n                                                    <h6 class=\"slide-title\">Un Brunch de Acci\u00f3n de Gracias junto al mar<\/h6>\r\n                                                                            <p class=\"slide-desc\">Al acercarse el fin de semana de Acci\u00f3n de Gracias, re\u00fananse una vez m\u00e1s en el palapa del Beach Club para disfrutar de un brunch que se siente tanto festivo como maravillosamente tranquilo.\n\nDescubra estaciones culinarias en vivo inspiradas en la riqueza de Los Cabos, con sabores frescos y vibrantes dise\u00f1ados para compartir. Una selecci\u00f3n rotatoria de socios de vinos y licores a\u00f1ade una sensaci\u00f3n de descubrimiento a la tarde. <\/p>\r\n                                            <\/div>\r\n                <\/div>\r\n                    <\/div>\r\n    <\/div>\r\n<\/section>\r\n\n\n\n\n<section id=\"responsive-spacer-block_ceb4b08e661ab1529870d83d865384e7\" class=\"responsive-spacer\">\r\n<\/section>\r\n<style>\r\n    #responsive-spacer-block_ceb4b08e661ab1529870d83d865384e7 {\r\n        width: 100%;\r\n    }\r\n        #responsive-spacer-block_ceb4b08e661ab1529870d83d865384e7 {\r\n        height: 150px;\r\n    }\r\n                @media (min-width: 769px) {\r\n            #responsive-spacer-block_ceb4b08e661ab1529870d83d865384e7 {\r\n                height: 140px;\r\n            }\r\n        }\r\n                @media (min-width: 1201px) {\r\n            #responsive-spacer-block_ceb4b08e661ab1529870d83d865384e7 {\r\n                height: 130px;\r\n            }\r\n        }\r\n    <\/style>\n\n\n<section id=\"media-content-block_ed8f1bd39aa0aaaf211277183ce2a6a7\" class=\"media-content-3\">\n     <div class=\"container\">\n     <div class=\"media-content-wrapper  is-inhighlight\">\n        \n        <div class=\"content-column media-column  is-inhighlight\">\n                            <figure class=\"media-figure\">\n                    <img decoding=\"async\" \n                        src=\"https:\/\/cdn.waldorfastorialoscabospedregal.com\/wp-content\/uploads\/2025\/11\/21225940\/WaldorfAstoriaLosCabos-BeachWalk-1_web_res.jpg\" \n                        alt=\"WaldorfAstoriaLosCabos BeachWalk 1 web res\" \n                        loading=\"lazy\">\n                <\/figure>\n                    <\/div>\n        \n        <div class=\"content-column text-column  is-inhighlight\">\n            <div class=\"text-content-inner  is-inhighlight\">\n                \n\n                                    <h2 class=\"heading  is-inhighlight\">Qu\u00e9date un poco m\u00e1s<\/h2>\n                                                    <p class=\"subheading  is-inhighlight\">Haz del D\u00eda de Acci\u00f3n de Gracias una Tradici\u00f3n Costera<\/p>\n                \n                                    <div class=\"body-text\"><p class=\"isSelectedEnd\">Que las vacaciones contin\u00faen m\u00e1s all\u00e1 de la mesa con ma\u00f1anas reparadoras, tardes soleadas y momentos significativos compartidos junto al Pac\u00edfico.<\/p>\n<p>Ret\u00edrate a una habitaci\u00f3n privada, suite o villa y experimenta el D\u00eda de Acci\u00f3n de Gracias desde uno de los escenarios costeros m\u00e1s extraordinarios de Los Cabos.<\/p>\n<\/div>\n                \n\n\n                                    <a href=\"https:\/\/www.waldorfastorialoscabospedregal.com\/es\/reserva-tu-experiencia\/\" class=\"cta-link\" target=\"_blank\">\n                        Planea tu estad\u00eda de Acci\u00f3n de Gracias                    <\/a>\n                            <\/div>\n        <\/div>\n\n    <\/div>\n    <\/div>\n<\/section>\n\n<section id=\"responsive-spacer-block_ceb4b08e661ab1529870d83d865384e7\" class=\"responsive-spacer\">\r\n<\/section>\r\n<style>\r\n    #responsive-spacer-block_ceb4b08e661ab1529870d83d865384e7 {\r\n        width: 100%;\r\n    }\r\n        #responsive-spacer-block_ceb4b08e661ab1529870d83d865384e7 {\r\n        height: 150px;\r\n    }\r\n                @media (min-width: 769px) {\r\n            #responsive-spacer-block_ceb4b08e661ab1529870d83d865384e7 {\r\n                height: 140px;\r\n            }\r\n        }\r\n                @media (min-width: 1201px) {\r\n            #responsive-spacer-block_ceb4b08e661ab1529870d83d865384e7 {\r\n                height: 130px;\r\n            }\r\n        }\r\n    <\/style>\n\n\n<p class=\"wp-block-paragraph\"><\/p>","protected":false},"excerpt":{"rendered":"<p>Gather by the Pacific for a Thanksgiving weekend filled with seasonal dining, Baja-inspired flavors, meaningful traditions, and unforgettable moments with those who matter most.<\/p>","protected":false},"featured_media":96696,"parent":0,"menu_order":33,"template":"","meta":{"_acf_changed":true,"inline_featured_image":false},"experience_category":[41,30],"experience_season":[45],"class_list":["post-3244","experience","type-experience","status-publish","has-post-thumbnail","hentry","experience_category-seasonal-celebrations","experience_category-family-friends","experience_season-autumn"],"acf":[],"_links":{"self":[{"href":"https:\/\/www.waldorfastorialoscabospedregal.com\/es\/wp-json\/wp\/v2\/experience\/3244","targetHints":{"allow":["GET"]}}],"collection":[{"href":"https:\/\/www.waldorfastorialoscabospedregal.com\/es\/wp-json\/wp\/v2\/experience"}],"about":[{"href":"https:\/\/www.waldorfastorialoscabospedregal.com\/es\/wp-json\/wp\/v2\/types\/experience"}],"wp:featuredmedia":[{"embeddable":true,"href":"https:\/\/www.waldorfastorialoscabospedregal.com\/es\/wp-json\/wp\/v2\/media\/96696"}],"wp:attachment":[{"href":"https:\/\/www.waldorfastorialoscabospedregal.com\/es\/wp-json\/wp\/v2\/media?parent=3244"}],"wp:term":[{"taxonomy":"experience_category","embeddable":true,"href":"https:\/\/www.waldorfastorialoscabospedregal.com\/es\/wp-json\/wp\/v2\/experience_category?post=3244"},{"taxonomy":"experience_season","embeddable":true,"href":"https:\/\/www.waldorfastorialoscabospedregal.com\/es\/wp-json\/wp\/v2\/experience_season?post=3244"}],"curies":[{"name":"wp","href":"https:\/\/api.w.org\/{rel}","templated":true}]}}