{"id":882,"date":"2021-10-20T14:01:15","date_gmt":"2021-10-20T14:01:15","guid":{"rendered":"https:\/\/www.waldorfastorialoscabospedregal.com\/?post_type=room&#038;p=882"},"modified":"2026-04-23T20:28:15","modified_gmt":"2026-04-23T20:28:15","slug":"resort-casita-dos-dormitorios","status":"publish","type":"room","link":"https:\/\/www.waldorfastorialoscabospedregal.com\/es\/habitaciones\/resort-casita-dos-dormitorios\/","title":{"rendered":"Casita de dos dormitorios con piscina privada"},"content":{"rendered":"<section id=\"general-hero-block_8a3cc74f4428bcfd6c8dfb675b13ca85\" class=\"general-hero general-hero--dark\">\r\n    <div class=\"home-hero\">\r\n                    <img data-src=\"https:\/\/cdn.waldorfastorialoscabospedregal.com\/wp-content\/uploads\/2021\/10\/11021616\/WALCP_K1VRR2_46_08_1767_web_res.jpg\" alt=\"\" class=\"home-hero__bg lazyload\">\r\n            <\/div>\r\n    <div class=\"general-hero__content\">\r\n        <div class=\"general-hero__content--inner\">\r\n                    <\/div>\r\n    <\/div>\r\n<\/section>\r\n\r\n<style>\r\n    #general-hero-block_8a3cc74f4428bcfd6c8dfb675b13ca85 .home-hero::after {\r\n        opacity: 0.25 !important;\r\n    }\r\n    #general-hero-block_8a3cc74f4428bcfd6c8dfb675b13ca85 .general-hero__content {\r\n        margin-top: -0vh;\r\n    }\r\n<\/style>\n\n<section id=\"responsive-spacer-block_29db4569d451da21e0b9f30d00f8b779\" class=\"responsive-spacer\">\r\n<\/section>\r\n<style>\r\n    #responsive-spacer-block_29db4569d451da21e0b9f30d00f8b779 {\r\n        width: 100%;\r\n    }\r\n        #responsive-spacer-block_29db4569d451da21e0b9f30d00f8b779 {\r\n        height: 45px;\r\n    }\r\n                @media (min-width: 769px) {\r\n            #responsive-spacer-block_29db4569d451da21e0b9f30d00f8b779 {\r\n                height: 70px;\r\n            }\r\n        }\r\n                @media (min-width: 1201px) {\r\n            #responsive-spacer-block_29db4569d451da21e0b9f30d00f8b779 {\r\n                height: 120px;\r\n            }\r\n        }\r\n    <\/style>\n\n<section id=\"single-room-booking-block_c19a789d4e0bcc02bdaa5801c2181f31\" class=\"single-room-booking\">\r\n    <div class=\"container\">\r\n        <div class=\"single-room-booking__inner\">\r\n            <div class=\"single-room-booking__content\">\r\n                                    <h2 class=\"title-main\"><h1>Casita de dos dormitorios con piscina privada<\/h1><\/h2>\r\n                                                    <h6 class=\"title a-up\">Un espacio donde el lujo se vive con la calidez de casa<\/h6>\r\n                                                    <div class=\"desc a-up a-delay-1\"><p>Con 2,395 pies cuadrados, amplias \u00e1reas de estar y cocina completa, esta casita de dos niveles y dos habitaciones est\u00e1 pensada para crear recuerdos memorables. Disfrute del espacio exterior abierto, rel\u00e1jese en la piscina privada y d\u00e9jese atender por su mayordomo. Esta casita es la m\u00e1xima expresi\u00f3n de confort en Los Cabos.<\/p>\n<p>&nbsp;<\/p>\n<p>&nbsp;<\/p>\n<\/div>\r\n                                <div class=\"contact a-up a-delay-2\">\r\n                                                                            <\/div>\r\n                            <\/div>\r\n            <div class=\"single-room-booking__calendar a-up\">\r\n                <input type=\"text\" class=\"booking-range\" id=\"booking-range\">\r\n                                    <input type=\"hidden\" class=\"booking-room-code\" id=\"booking-room-code\" value=\"K1VRR2\">\r\n                                <div class=\"booking-calendar-single\" id=\"booking-calendar-single\">\r\n                <\/div>\r\n                <a href=\"#\" class=\"btn btn--accent btn-check-availability single\" target=\"_blank\">CONSULTAR DISPONIBILIDAD<\/a>\r\n            <\/div>\r\n        <\/div>\r\n    <\/div>\r\n<\/section>\r\n\n\n<section id=\"responsive-spacer-block_28b9d55bfa6e869830bd3f41bf69d1cb\" class=\"responsive-spacer\">\r\n<\/section>\r\n<style>\r\n    #responsive-spacer-block_28b9d55bfa6e869830bd3f41bf69d1cb {\r\n        width: 100%;\r\n    }\r\n        #responsive-spacer-block_28b9d55bfa6e869830bd3f41bf69d1cb {\r\n        height: 130px;\r\n    }\r\n                @media (min-width: 769px) {\r\n            #responsive-spacer-block_28b9d55bfa6e869830bd3f41bf69d1cb {\r\n                height: 140px;\r\n            }\r\n        }\r\n                @media (min-width: 1201px) {\r\n            #responsive-spacer-block_28b9d55bfa6e869830bd3f41bf69d1cb {\r\n                height: 150px;\r\n            }\r\n        }\r\n    <\/style>\n\n<section id=\"room-options-block_9b5d4f9172a909dddaa1e64bbf95b0f3\" class=\"room-options\">\r\n    <div class=\"container\"> \r\n                            <div class=\"room-options__row\">\r\n                                    <div class=\"room-options__column\">\r\n                        <div class=\"room-options__col\">\r\n                            <div class=\"content\">\r\n                                                                                                    <span class=\"size\">2.395 PIES CUADRADOS<\/span>\r\n                                 \r\n                                                                    <h6 class=\"bedroom\">2 Dormitorios<\/h6>\r\n                                                                                                <img class=\"image lazyload\"\r\n                                    data-src=\"https:\/\/cdn.waldorfastorialoscabospedregal.com\/wp-content\/uploads\/2021\/10\/11021640\/WALCP_K1VRR2_46_09_1779_web_res-1207x665.jpg\" \r\n                                    data-srcset=\"https:\/\/cdn.waldorfastorialoscabospedregal.com\/wp-content\/uploads\/2021\/10\/11021640\/WALCP_K1VRR2_46_09_1779_web_res-2414x1330.jpg 2x\" \r\n                                    alt=\"\">\r\n                                                            <\/div>\r\n                            <div class=\"buttons\">\r\n                                <button class=\"btn btn-view-detail\" data-target=\"#room_options_slider_1\">Galer\u00eda<\/button>\r\n                                <a href=\"https:\/\/www.hilton.com\/en\/book\/reservation\/deeplink\/?&#038;ctyhocn=SJDWAWA&#038;srpCodes=&#038;displayCurrency=USD&#038;roomTypeCode=K1VRR2,K1RVU2,K1RFU2\" class=\"btn btn--accent btn-reserve-now\" target=\"_blank\" rel=\"noopener\">\r\n                                    Reservar ahora\r\n                                <\/a>\r\n                            <\/div>\r\n                        <\/div>\r\n                        <div class=\"room-options__detail\">\r\n                                                            <div class=\"slider\">\r\n                                    <div class=\"slides slides-images\">\r\n                                                                                    <div class=\"slide\">\r\n                                                <div class=\"slide-img\">\r\n                                                                                                            <a href=\"https:\/\/cdn.waldorfastorialoscabospedregal.com\/wp-content\/uploads\/2021\/10\/11021455\/WALCP_K1VRR2_46_01_1579_web_res.jpg\" data-fancybox=\"gallery\" rel=\"room-options-block_9b5d4f9172a909dddaa1e64bbf95b0f3\" data-caption=\"\">\r\n                                                            <img class=\"lazyload\" data-src=\"https:\/\/cdn.waldorfastorialoscabospedregal.com\/wp-content\/uploads\/2021\/10\/11021455\/WALCP_K1VRR2_46_01_1579_web_res-1209x665.jpg\" alt=\"WALCP K1VRR2 46 01 1579 web res\">\r\n                                                        <\/a>\r\n                                                                                                                                                        <\/div>\r\n                                            <\/div>\r\n                                                                                    <div class=\"slide\">\r\n                                                <div class=\"slide-img\">\r\n                                                                                                            <a href=\"https:\/\/cdn.waldorfastorialoscabospedregal.com\/wp-content\/uploads\/2021\/10\/11021554\/WALCP_K1VRR2_46_07_1606_web_res.jpg\" data-fancybox=\"gallery\" rel=\"room-options-block_9b5d4f9172a909dddaa1e64bbf95b0f3\" data-caption=\"\">\r\n                                                            <img class=\"lazyload\" data-src=\"https:\/\/cdn.waldorfastorialoscabospedregal.com\/wp-content\/uploads\/2021\/10\/11021554\/WALCP_K1VRR2_46_07_1606_web_res-1209x665.jpg\" alt=\"WALCP K1VRR2 46 07 1606 web res\">\r\n                                                        <\/a>\r\n                                                                                                                                                        <\/div>\r\n                                            <\/div>\r\n                                                                                    <div class=\"slide\">\r\n                                                <div class=\"slide-img\">\r\n                                                                                                            <a href=\"https:\/\/cdn.waldorfastorialoscabospedregal.com\/wp-content\/uploads\/2021\/10\/11021531\/WALCP_K1VRR2_46_02_1588_web_res.jpg\" data-fancybox=\"gallery\" rel=\"room-options-block_9b5d4f9172a909dddaa1e64bbf95b0f3\" data-caption=\"\">\r\n                                                            <img class=\"lazyload\" data-src=\"https:\/\/cdn.waldorfastorialoscabospedregal.com\/wp-content\/uploads\/2021\/10\/11021531\/WALCP_K1VRR2_46_02_1588_web_res-1209x665.jpg\" alt=\"WALCP K1VRR2 46 02 1588 web res\">\r\n                                                        <\/a>\r\n                                                                                                                                                        <\/div>\r\n                                            <\/div>\r\n                                                                            <\/div>\r\n                                <\/div>\r\n                                                        <div class=\"tab-content__text\">\r\n                                                                    <h6 class=\"tab-content__title\">Casita de dos dormitorios con piscina privada<\/h6>\r\n                                                                                                    <p class=\"tab-content__desc\">Con 2,395 pies cuadrados, amplias \u00e1reas de estar y cocina completa, esta casita de dos niveles y dos habitaciones est\u00e1 pensada para crear recuerdos memorables. Disfrute del espacio exterior abierto, rel\u00e1jese en la piscina privada y d\u00e9jese atender por su mayordomo. Esta casita es la m\u00e1xima expresi\u00f3n de confort en Los Cabos.<\/p>\r\n                                                            <\/div>\r\n                        <\/div>\r\n                    <\/div>\r\n                            <\/div>\r\n            <\/div>\r\n        <div class=\"tab tab-slider\"> \r\n        <div class=\"container\">\r\n            <div class=\"tab-contents tab-slider__contents\">\r\n                                <div class=\"tab-content tab-slider__content\" id=\"room_options_slider_1\">\r\n                                            <div class=\"slider\">\r\n                            <div class=\"slides slides-images\">\r\n                                                                    <div class=\"slide\">\r\n                                        <div class=\"slide-img\">\r\n                                                                                            <a href=\"https:\/\/cdn.waldorfastorialoscabospedregal.com\/wp-content\/uploads\/2021\/10\/11021455\/WALCP_K1VRR2_46_01_1579_web_res.jpg\" data-fancybox=\"gallery\" rel=\"room-options-block_9b5d4f9172a909dddaa1e64bbf95b0f3\" data-caption=\"\">\r\n                                                    <img class=\"lazyload\" data-src=\"https:\/\/cdn.waldorfastorialoscabospedregal.com\/wp-content\/uploads\/2021\/10\/11021455\/WALCP_K1VRR2_46_01_1579_web_res-1209x665.jpg\" alt=\"WALCP K1VRR2 46 01 1579 web res\">\r\n                                                <\/a>\r\n                                                                                                                                <\/div>\r\n                                    <\/div>\r\n                                                                    <div class=\"slide\">\r\n                                        <div class=\"slide-img\">\r\n                                                                                            <a href=\"https:\/\/cdn.waldorfastorialoscabospedregal.com\/wp-content\/uploads\/2021\/10\/11021554\/WALCP_K1VRR2_46_07_1606_web_res.jpg\" data-fancybox=\"gallery\" rel=\"room-options-block_9b5d4f9172a909dddaa1e64bbf95b0f3\" data-caption=\"\">\r\n                                                    <img class=\"lazyload\" data-src=\"https:\/\/cdn.waldorfastorialoscabospedregal.com\/wp-content\/uploads\/2021\/10\/11021554\/WALCP_K1VRR2_46_07_1606_web_res-1209x665.jpg\" alt=\"WALCP K1VRR2 46 07 1606 web res\">\r\n                                                <\/a>\r\n                                                                                                                                <\/div>\r\n                                    <\/div>\r\n                                                                    <div class=\"slide\">\r\n                                        <div class=\"slide-img\">\r\n                                                                                            <a href=\"https:\/\/cdn.waldorfastorialoscabospedregal.com\/wp-content\/uploads\/2021\/10\/11021531\/WALCP_K1VRR2_46_02_1588_web_res.jpg\" data-fancybox=\"gallery\" rel=\"room-options-block_9b5d4f9172a909dddaa1e64bbf95b0f3\" data-caption=\"\">\r\n                                                    <img class=\"lazyload\" data-src=\"https:\/\/cdn.waldorfastorialoscabospedregal.com\/wp-content\/uploads\/2021\/10\/11021531\/WALCP_K1VRR2_46_02_1588_web_res-1209x665.jpg\" alt=\"WALCP K1VRR2 46 02 1588 web res\">\r\n                                                <\/a>\r\n                                                                                                                                <\/div>\r\n                                    <\/div>\r\n                                                            <\/div>\r\n                        <\/div>\r\n                                        <div class=\"tab-content__text\">\r\n                                                    <h6 class=\"tab-content__title\">Casita de dos dormitorios con piscina privada<\/h6>\r\n                                                                            <p class=\"tab-content__desc\">Con 2,395 pies cuadrados, amplias \u00e1reas de estar y cocina completa, esta casita de dos niveles y dos habitaciones est\u00e1 pensada para crear recuerdos memorables. Disfrute del espacio exterior abierto, rel\u00e1jese en la piscina privada y d\u00e9jese atender por su mayordomo. Esta casita es la m\u00e1xima expresi\u00f3n de confort en Los Cabos.<\/p>\r\n                                            <\/div>\r\n                <\/div>\r\n                            <\/div>\r\n        <\/div>\r\n    <\/div>\r\n    <\/section>\r\n\n\n<section id=\"responsive-spacer-block_c74ffe7b4841dc608208a2dc2291c737\" class=\"responsive-spacer\">\r\n<\/section>\r\n<style>\r\n    #responsive-spacer-block_c74ffe7b4841dc608208a2dc2291c737 {\r\n        width: 100%;\r\n    }\r\n        #responsive-spacer-block_c74ffe7b4841dc608208a2dc2291c737 {\r\n        height: 130px;\r\n    }\r\n                @media (min-width: 769px) {\r\n            #responsive-spacer-block_c74ffe7b4841dc608208a2dc2291c737 {\r\n                height: 140px;\r\n            }\r\n        }\r\n                @media (min-width: 1201px) {\r\n            #responsive-spacer-block_c74ffe7b4841dc608208a2dc2291c737 {\r\n                height: 150px;\r\n            }\r\n        }\r\n    <\/style>\n\n<section id=\"accordions-block_a3ceb083843fe1f84e00cadecc341495\" class=\"accordions\">\r\n<div class=\"container\">\r\n            <h3 class=\"accordions-heading a-up\">Caracter\u00edsticas de la habitaci\u00f3n<\/h3>\r\n                            <div class=\"accordion a-up\">\r\n                                    <div class=\"accordion-title\">Elementos exclusivos<\/div>\r\n                                                    <div class=\"accordion-content\">\r\n                        <div class=\"accordion-content__inner\">\r\n                            <ul>\n<li>Piscina privada<\/li>\n<li>Dos terrazas<\/li>\n<li>Cocina y despensa totalmente equipadas<\/li>\n<li>Lavadora y secadora<\/li>\n<li>Chimenea de gas<\/li>\n<li>Sala de estar independiente, comedor y servicio de concierge personal<\/li>\n<\/ul>\n<p>&nbsp;<\/p>\n<p>&nbsp;<\/p>\n                        <\/div>\r\n                    <\/div>\r\n                            <\/div>\r\n                    <div class=\"accordion a-up\">\r\n                                    <div class=\"accordion-title\">Vista<\/div>\r\n                                                    <div class=\"accordion-content\">\r\n                        <div class=\"accordion-content__inner\">\r\n                            <p>Vistas completas al oc\u00e9ano.<\/p>\n                        <\/div>\r\n                    <\/div>\r\n                            <\/div>\r\n                    <div class=\"accordion a-up\">\r\n                                    <div class=\"accordion-title\">Inclusiones<\/div>\r\n                                                    <div class=\"accordion-content\">\r\n                        <div class=\"accordion-content__inner\">\r\n                            <ul>\n<li>Tequila Premium de bienvenida<\/li>\n<li>Binoculares para avistar ballenas<\/li>\n<li>Amenidad diaria de chips, guacamole y cerveza mexicana<\/li>\n<li>Bolsa de playa<\/li>\n<li>Sesiones de fitness en la habitaci\u00f3n (por televisi\u00f3n)<\/li>\n<\/ul>\n<p>&nbsp;<\/p>\n                        <\/div>\r\n                    <\/div>\r\n                            <\/div>\r\n                    <div class=\"accordion a-up\">\r\n                                    <div class=\"accordion-title\">Dimensiones<\/div>\r\n                                                    <div class=\"accordion-content\">\r\n                        <div class=\"accordion-content__inner\">\r\n                            <p>2.395 metros cuadrados de espacio interior y exterior con muebles hechos a medida, obras de arte locales y aut\u00e9ntica decoraci\u00f3n y carpinter\u00eda de mezquite mexicano.<\/p>\n                        <\/div>\r\n                    <\/div>\r\n                            <\/div>\r\n                    <div class=\"accordion a-up\">\r\n                                    <div class=\"accordion-title\">Cuarto de ba\u00f1o<\/div>\r\n                                                    <div class=\"accordion-content\">\r\n                        <div class=\"accordion-content__inner\">\r\n                            <p>Ba\u00f1o inspirado en spa con ba\u00f1era profunda, ducha de lluvia separada con azulejos mexicanos, tocador doble pintado a mano y amenidades de ba\u00f1o personalizadas hechas en M\u00e9xico.<\/p>\n<h4><\/h4>\n<p>&nbsp;<\/p>\n<p>&nbsp;<\/p>\n                        <\/div>\r\n                    <\/div>\r\n                            <\/div>\r\n                    <div class=\"accordion a-up\">\r\n                                    <div class=\"accordion-title\">Ocupaci\u00f3n<\/div>\r\n                                                    <div class=\"accordion-content\">\r\n                        <div class=\"accordion-content__inner\">\r\n                            <p>Cuatro adultos<\/p>\n                        <\/div>\r\n                    <\/div>\r\n                            <\/div>\r\n                    <div class=\"accordion a-up\">\r\n                                    <div class=\"accordion-title\">Servicios adicionales<\/div>\r\n                                                    <div class=\"accordion-content\">\r\n                        <div class=\"accordion-content__inner\">\r\n                            <ul>\n<li>Servicio de chef privado con men\u00fas personalizados disponible para cenas exclusivas, ya sea en su comedor interior o al aire libre en su terraza. Aplican cargos adicionales.<\/li>\n<li>Fogata con malvaviscos mexicanos<\/li>\n<li>Servicio de mayordomo para hacer de su estancia una experiencia inolvidable, disponible previa solicitud<\/li>\n<\/ul>\n<p>&nbsp;<\/p>\n                        <\/div>\r\n                    <\/div>\r\n                            <\/div>\r\n                <\/div>\r\n<\/section>\n\n<section id=\"responsive-spacer-block_c74ffe7b4841dc608208a2dc2291c737\" class=\"responsive-spacer\">\r\n<\/section>\r\n<style>\r\n    #responsive-spacer-block_c74ffe7b4841dc608208a2dc2291c737 {\r\n        width: 100%;\r\n    }\r\n        #responsive-spacer-block_c74ffe7b4841dc608208a2dc2291c737 {\r\n        height: 130px;\r\n    }\r\n                @media (min-width: 769px) {\r\n            #responsive-spacer-block_c74ffe7b4841dc608208a2dc2291c737 {\r\n                height: 140px;\r\n            }\r\n        }\r\n                @media (min-width: 1201px) {\r\n            #responsive-spacer-block_c74ffe7b4841dc608208a2dc2291c737 {\r\n                height: 150px;\r\n            }\r\n        }\r\n    <\/style>\n\n<div id=\"page-block-block_a9384f2675b9d09ef113aef1c8c93afa\" class=\"page-block\">\r\n    <div class=\"container\">\r\n                    <h2 class=\"page-block__heading\">Tambi\u00e9n le puede interesar<\/h2>\r\n            <\/div>\r\n    <div class=\"page-block__banner gradient-overlay\">\r\n                <a href=\"https:\/\/www.waldorfastorialoscabospedregal.com\/es\/habitaciones\/viviendas-particulares\/\" target=\"\">\r\n                    <img class=\"lazyload\" data-src=\"https:\/\/cdn.waldorfastorialoscabospedregal.com\/wp-content\/uploads\/2021\/10\/14030215\/WAPedregal-High-Res-K1RRU3-PRIVATE-PEDREGAL-HOME-THREE-BEDRM-MARINA-VIEW-SUITE-2-scaled.jpg\" alt=\"\">\r\n            <div class=\"page-block__banner--content\">\r\n                                    <h2 class=\"page-block__banner--title\">Casas Privadas<\/h2>\r\n                                                    <p class=\"page-block__banner--desc\">VISTAS AL OC\u00c9ANO - PISCINA PRIVADA - TERRAZAS - COCINA - SALA DE ESTAR<\/p>\r\n                            <\/div>\r\n                    <span><\/span>\r\n        <\/a>\r\n            <\/div>\r\n<\/div>","protected":false},"excerpt":{"rendered":"<p>Con 2,395 pies cuadrados, amplias \u00e1reas de estar y cocina completa, esta casita de dos niveles y dos habitaciones est\u00e1 pensada para crear recuerdos memorables. Disfrute del espacio exterior abierto, rel\u00e1jese en la piscina privada y d\u00e9jese atender por su mayordomo. Esta casita es la m\u00e1xima expresi\u00f3n de confort en Los Cabos.<\/p>","protected":false},"featured_media":0,"parent":0,"menu_order":0,"template":"","meta":{"_acf_changed":true,"inline_featured_image":false},"room_category":[11],"class_list":["post-882","room","type-room","status-publish","hentry","room_category-casitas"],"acf":[],"_links":{"self":[{"href":"https:\/\/www.waldorfastorialoscabospedregal.com\/es\/wp-json\/wp\/v2\/room\/882","targetHints":{"allow":["GET"]}}],"collection":[{"href":"https:\/\/www.waldorfastorialoscabospedregal.com\/es\/wp-json\/wp\/v2\/room"}],"about":[{"href":"https:\/\/www.waldorfastorialoscabospedregal.com\/es\/wp-json\/wp\/v2\/types\/room"}],"wp:attachment":[{"href":"https:\/\/www.waldorfastorialoscabospedregal.com\/es\/wp-json\/wp\/v2\/media?parent=882"}],"wp:term":[{"taxonomy":"room_category","embeddable":true,"href":"https:\/\/www.waldorfastorialoscabospedregal.com\/es\/wp-json\/wp\/v2\/room_category?post=882"}],"curies":[{"name":"wp","href":"https:\/\/api.w.org\/{rel}","templated":true}]}}