{"id":897,"date":"2021-10-20T15:00:49","date_gmt":"2021-10-20T15:00:49","guid":{"rendered":"https:\/\/www.waldorfastorialoscabospedregal.com\/?post_type=room&#038;p=897"},"modified":"2026-04-23T20:30:20","modified_gmt":"2026-04-23T20:30:20","slug":"villa-vista-mar-dos-dormitorios","status":"publish","type":"room","link":"https:\/\/www.waldorfastorialoscabospedregal.com\/es\/habitaciones\/villa-vista-mar-dos-dormitorios\/","title":{"rendered":"Villa de dos dormitorios con vistas al oc\u00e9ano y piscina privada"},"content":{"rendered":"<section id=\"general-hero-block_9e1c73e9a9ffafdb978ebbb1da9abb3a\" class=\"general-hero general-hero--dark\">\r\n    <div class=\"home-hero\">\r\n                    <img data-src=\"https:\/\/cdn.waldorfastorialoscabospedregal.com\/wp-content\/uploads\/2021\/10\/11024738\/WALCP_K1RVU4_940_07_1499_web_res.jpg\" alt=\"\" class=\"home-hero__bg lazyload\">\r\n            <\/div>\r\n    <div class=\"general-hero__content\">\r\n        <div class=\"general-hero__content--inner\">\r\n                    <\/div>\r\n    <\/div>\r\n<\/section>\r\n\r\n<style>\r\n    #general-hero-block_9e1c73e9a9ffafdb978ebbb1da9abb3a .home-hero::after {\r\n        opacity: 0.25 !important;\r\n    }\r\n    #general-hero-block_9e1c73e9a9ffafdb978ebbb1da9abb3a .general-hero__content {\r\n        margin-top: -0vh;\r\n    }\r\n<\/style>\n\n<section id=\"responsive-spacer-block_7b0521aff26b1bdd1b211f5126267693\" class=\"responsive-spacer\">\r\n<\/section>\r\n<style>\r\n    #responsive-spacer-block_7b0521aff26b1bdd1b211f5126267693 {\r\n        width: 100%;\r\n    }\r\n        #responsive-spacer-block_7b0521aff26b1bdd1b211f5126267693 {\r\n        height: 45px;\r\n    }\r\n                @media (min-width: 769px) {\r\n            #responsive-spacer-block_7b0521aff26b1bdd1b211f5126267693 {\r\n                height: 70px;\r\n            }\r\n        }\r\n                @media (min-width: 1201px) {\r\n            #responsive-spacer-block_7b0521aff26b1bdd1b211f5126267693 {\r\n                height: 120px;\r\n            }\r\n        }\r\n    <\/style>\n\n<section id=\"single-room-booking-block_de1441d6e76626ae5a4c6ac8e31b89d2\" class=\"single-room-booking\">\r\n    <div class=\"container\">\r\n        <div class=\"single-room-booking__inner\">\r\n            <div class=\"single-room-booking__content\">\r\n                                    <h2 class=\"title-main\"><h1>Villa de dos dormitorios con vistas al oc\u00e9ano y piscina privada<\/h1><\/h2>\r\n                                                    <h6 class=\"title a-up\">DISFRUTE DE LA TRANQUILIDAD JUNTO AL MAR<\/h6>\r\n                                                    <div class=\"desc a-up a-delay-1\"><p>Experimente la tranquilidad en nuestra amplia Villa con vista al oc\u00e9ano de dos habitaciones y 2,685 pies cuadrados, un refugio id\u00edlico ubicado entre los acantilados y el brillante azul del Oc\u00e9ano Pac\u00edfico. Este oasis de elegancia alberga hasta cinco hu\u00e9spedes y cuenta con dos habitaciones, ba\u00f1os privados estilo spa y servicio de mayordomo personalizado para una experiencia a\u00fan m\u00e1s elevada.<\/p>\n<p>&nbsp;<\/p>\n<p>En el interior, descubra una cocina totalmente equipada con electrodom\u00e9sticos profesionales Viking. La amplia terraza de la villa invita a la vida al aire libre con su piscina de inmersi\u00f3n privada, parrilla, mesa de comedor y tumbonas, todo ello con vistas panor\u00e1micas al oc\u00e9ano. El ambiente fluido entre el interior y el exterior se realza con puertas correderas y grandes ventanales que enmarcan el impresionante paisaje.<\/p>\n<p>&nbsp;<\/p>\n<p>Entre nuestras exclusivas villas con vista al mar, este santuario de dos habitaciones ofrece lo mejor de la experiencia en Los Cabos, combinando a la perfecci\u00f3n relajaci\u00f3n y sofisticaci\u00f3n. Es la elecci\u00f3n ideal para quienes buscan una escapada inolvidable en un entorno costero lleno de serenidad.<\/p>\n<p>&nbsp;<\/p>\n<p>&nbsp;<\/p>\n<p>&nbsp;<\/p>\n<\/div>\r\n                                <div class=\"contact a-up a-delay-2\">\r\n                                                                            <\/div>\r\n                            <\/div>\r\n            <div class=\"single-room-booking__calendar a-up\">\r\n                <input type=\"text\" class=\"booking-range\" id=\"booking-range\">\r\n                                    <input type=\"hidden\" class=\"booking-room-code\" id=\"booking-room-code\" value=\"K1RVU2\">\r\n                                <div class=\"booking-calendar-single\" id=\"booking-calendar-single\">\r\n                <\/div>\r\n                <a href=\"#\" class=\"btn btn--accent btn-check-availability single\" target=\"_blank\">CONSULTAR DISPONIBILIDAD<\/a>\r\n            <\/div>\r\n        <\/div>\r\n    <\/div>\r\n<\/section>\r\n\n\n<section id=\"responsive-spacer-block_c2a034fc834746e3adcc6d229c1027b0\" class=\"responsive-spacer\">\r\n<\/section>\r\n<style>\r\n    #responsive-spacer-block_c2a034fc834746e3adcc6d229c1027b0 {\r\n        width: 100%;\r\n    }\r\n        #responsive-spacer-block_c2a034fc834746e3adcc6d229c1027b0 {\r\n        height: 45px;\r\n    }\r\n                @media (min-width: 769px) {\r\n            #responsive-spacer-block_c2a034fc834746e3adcc6d229c1027b0 {\r\n                height: 70px;\r\n            }\r\n        }\r\n                @media (min-width: 1201px) {\r\n            #responsive-spacer-block_c2a034fc834746e3adcc6d229c1027b0 {\r\n                height: 120px;\r\n            }\r\n        }\r\n    <\/style>\n\n<section id=\"room-options-block_d63f72104df0637aaa920548ecc2d8d2\" class=\"room-options\">\r\n    <div class=\"container\"> \r\n                            <div class=\"room-options__row\">\r\n                                    <div class=\"room-options__column\">\r\n                        <div class=\"room-options__col\">\r\n                            <div class=\"content\">\r\n                                                                                                    <span class=\"size\">2.685 PIES CUADRADOS<\/span>\r\n                                 \r\n                                                                    <h6 class=\"bedroom\">2 Dormitorios<\/h6>\r\n                                                                                                <img class=\"image lazyload\"\r\n                                    data-src=\"https:\/\/cdn.waldorfastorialoscabospedregal.com\/wp-content\/uploads\/2021\/10\/17182741\/WALCP_K1RVU4_940_06_1405_web_res-1207x665.webp\" \r\n                                    data-srcset=\"https:\/\/cdn.waldorfastorialoscabospedregal.com\/wp-content\/uploads\/2021\/10\/17182741\/WALCP_K1RVU4_940_06_1405_web_res-1920x1330.webp 2x\" \r\n                                    alt=\"\">\r\n                                                            <\/div>\r\n                            <div class=\"buttons\">\r\n                                <button class=\"btn btn-view-detail\" data-target=\"#room_options_slider_1\">Galer\u00eda<\/button>\r\n                                <a href=\"https:\/\/www.hilton.com\/en\/book\/reservation\/deeplink\/?&#038;ctyhocn=SJDWAWA&#038;srpCodes=&#038;displayCurrency=USD&#038;roomTypeCode=K1VRR2,K1RVU2,K1RFU2\" class=\"btn btn--accent btn-reserve-now\" target=\"_blank\" rel=\"noopener\">\r\n                                    Reservar ahora\r\n                                <\/a>\r\n                            <\/div>\r\n                        <\/div>\r\n                        <div class=\"room-options__detail\">\r\n                                                            <div class=\"slider\">\r\n                                    <div class=\"slides slides-images\">\r\n                                                                                    <div class=\"slide\">\r\n                                                <div class=\"slide-img\">\r\n                                                                                                            <a href=\"https:\/\/cdn.waldorfastorialoscabospedregal.com\/wp-content\/uploads\/2026\/02\/11025655\/WALCP_K1RVU4_940_07_1493_web_res_vineta.jpg\" data-fancybox=\"gallery\" rel=\"room-options-block_d63f72104df0637aaa920548ecc2d8d2\" data-caption=\"Ocean View \">\r\n                                                            <img class=\"lazyload\" data-src=\"https:\/\/cdn.waldorfastorialoscabospedregal.com\/wp-content\/uploads\/2026\/02\/11025655\/WALCP_K1RVU4_940_07_1493_web_res_vineta-1209x665.jpg\" alt=\"WALCP_K1RVU4_940_07_1493_web_res_vi\u00f1eta\">\r\n                                                        <\/a>\r\n                                                                                                                                                                <p class=\"slide-caption\">Vista al mar <\/p>\r\n                                                                                                    <\/div>\r\n                                            <\/div>\r\n                                                                                    <div class=\"slide\">\r\n                                                <div class=\"slide-img\">\r\n                                                                                                            <a href=\"https:\/\/cdn.waldorfastorialoscabospedregal.com\/wp-content\/uploads\/2021\/10\/11024759\/WALCP_K1RVU4_940_05_1389_web_res.jpg\" data-fancybox=\"gallery\" rel=\"room-options-block_d63f72104df0637aaa920548ecc2d8d2\" data-caption=\"\">\r\n                                                            <img class=\"lazyload\" data-src=\"https:\/\/cdn.waldorfastorialoscabospedregal.com\/wp-content\/uploads\/2021\/10\/11024759\/WALCP_K1RVU4_940_05_1389_web_res-1209x665.jpg\" alt=\"WALCP K1RVU4 940 05 1389 web res\">\r\n                                                        <\/a>\r\n                                                                                                                                                        <\/div>\r\n                                            <\/div>\r\n                                                                                    <div class=\"slide\">\r\n                                                <div class=\"slide-img\">\r\n                                                                                                            <a href=\"https:\/\/cdn.waldorfastorialoscabospedregal.com\/wp-content\/uploads\/2021\/10\/11024905\/WALCP_K1RVU4_940_03_1371_web_res.jpg\" data-fancybox=\"gallery\" rel=\"room-options-block_d63f72104df0637aaa920548ecc2d8d2\" data-caption=\"Ocean View \">\r\n                                                            <img class=\"lazyload\" data-src=\"https:\/\/cdn.waldorfastorialoscabospedregal.com\/wp-content\/uploads\/2021\/10\/11024905\/WALCP_K1RVU4_940_03_1371_web_res-1209x665.jpg\" alt=\"WALCP K1RVU4 940 03 1371 web res\">\r\n                                                        <\/a>\r\n                                                                                                                                                                <p class=\"slide-caption\">Vista al mar <\/p>\r\n                                                                                                    <\/div>\r\n                                            <\/div>\r\n                                                                            <\/div>\r\n                                <\/div>\r\n                                                        <div class=\"tab-content__text\">\r\n                                                                    <h6 class=\"tab-content__title\">Ocean View Villa - Dos habitaciones<\/h6>\r\n                                                                                                    <p class=\"tab-content__desc\">Espaciosa y elegante, esta villa de dos habitaciones y 2,685 pies cuadrados cuenta con piscina privada, servicio de mayordomo, cocina completa y una exquisita conexi\u00f3n entre interior y exterior, gracias a sus puertas corredizas que se abren a una amplia terraza y ventanales que enmarcan las vistas al oc\u00e9ano.<\/p>\r\n                                                            <\/div>\r\n                        <\/div>\r\n                    <\/div>\r\n                            <\/div>\r\n            <\/div>\r\n        <div class=\"tab tab-slider\"> \r\n        <div class=\"container\">\r\n            <div class=\"tab-contents tab-slider__contents\">\r\n                                <div class=\"tab-content tab-slider__content\" id=\"room_options_slider_1\">\r\n                                            <div class=\"slider\">\r\n                            <div class=\"slides slides-images\">\r\n                                                                    <div class=\"slide\">\r\n                                        <div class=\"slide-img\">\r\n                                                                                            <a href=\"https:\/\/cdn.waldorfastorialoscabospedregal.com\/wp-content\/uploads\/2026\/02\/11025655\/WALCP_K1RVU4_940_07_1493_web_res_vineta.jpg\" data-fancybox=\"gallery\" rel=\"room-options-block_d63f72104df0637aaa920548ecc2d8d2\" data-caption=\"Ocean View \">\r\n                                                    <img class=\"lazyload\" data-src=\"https:\/\/cdn.waldorfastorialoscabospedregal.com\/wp-content\/uploads\/2026\/02\/11025655\/WALCP_K1RVU4_940_07_1493_web_res_vineta-1209x665.jpg\" alt=\"WALCP_K1RVU4_940_07_1493_web_res_vi\u00f1eta\">\r\n                                                <\/a>\r\n                                                                                                                                        <p class=\"slide-caption\">Vista al mar <\/p>\r\n                                                                                    <\/div>\r\n                                    <\/div>\r\n                                                                    <div class=\"slide\">\r\n                                        <div class=\"slide-img\">\r\n                                                                                            <a href=\"https:\/\/cdn.waldorfastorialoscabospedregal.com\/wp-content\/uploads\/2021\/10\/11024759\/WALCP_K1RVU4_940_05_1389_web_res.jpg\" data-fancybox=\"gallery\" rel=\"room-options-block_d63f72104df0637aaa920548ecc2d8d2\" data-caption=\"\">\r\n                                                    <img class=\"lazyload\" data-src=\"https:\/\/cdn.waldorfastorialoscabospedregal.com\/wp-content\/uploads\/2021\/10\/11024759\/WALCP_K1RVU4_940_05_1389_web_res-1209x665.jpg\" alt=\"WALCP K1RVU4 940 05 1389 web res\">\r\n                                                <\/a>\r\n                                                                                                                                <\/div>\r\n                                    <\/div>\r\n                                                                    <div class=\"slide\">\r\n                                        <div class=\"slide-img\">\r\n                                                                                            <a href=\"https:\/\/cdn.waldorfastorialoscabospedregal.com\/wp-content\/uploads\/2021\/10\/11024905\/WALCP_K1RVU4_940_03_1371_web_res.jpg\" data-fancybox=\"gallery\" rel=\"room-options-block_d63f72104df0637aaa920548ecc2d8d2\" data-caption=\"Ocean View \">\r\n                                                    <img class=\"lazyload\" data-src=\"https:\/\/cdn.waldorfastorialoscabospedregal.com\/wp-content\/uploads\/2021\/10\/11024905\/WALCP_K1RVU4_940_03_1371_web_res-1209x665.jpg\" alt=\"WALCP K1RVU4 940 03 1371 web res\">\r\n                                                <\/a>\r\n                                                                                                                                        <p class=\"slide-caption\">Vista al mar <\/p>\r\n                                                                                    <\/div>\r\n                                    <\/div>\r\n                                                            <\/div>\r\n                        <\/div>\r\n                                        <div class=\"tab-content__text\">\r\n                                                    <h6 class=\"tab-content__title\">Ocean View Villa - Dos habitaciones<\/h6>\r\n                                                                            <p class=\"tab-content__desc\">Espaciosa y elegante, esta villa de dos habitaciones y 2,685 pies cuadrados cuenta con piscina privada, servicio de mayordomo, cocina completa y una exquisita conexi\u00f3n entre interior y exterior, gracias a sus puertas corredizas que se abren a una amplia terraza y ventanales que enmarcan las vistas al oc\u00e9ano.<\/p>\r\n                                            <\/div>\r\n                <\/div>\r\n                            <\/div>\r\n        <\/div>\r\n    <\/div>\r\n    <\/section>\r\n\n\n<section id=\"responsive-spacer-block_d2969cb2eb99801847886a0f7e80a8e5\" class=\"responsive-spacer\">\r\n<\/section>\r\n<style>\r\n    #responsive-spacer-block_d2969cb2eb99801847886a0f7e80a8e5 {\r\n        width: 100%;\r\n    }\r\n        #responsive-spacer-block_d2969cb2eb99801847886a0f7e80a8e5 {\r\n        height: 130px;\r\n    }\r\n                @media (min-width: 769px) {\r\n            #responsive-spacer-block_d2969cb2eb99801847886a0f7e80a8e5 {\r\n                height: 140px;\r\n            }\r\n        }\r\n                @media (min-width: 1201px) {\r\n            #responsive-spacer-block_d2969cb2eb99801847886a0f7e80a8e5 {\r\n                height: 150px;\r\n            }\r\n        }\r\n    <\/style>\n\n<section id=\"accordions-block_1c1b9b5877ce3eaf47215c46d13cc48e\" class=\"accordions\">\r\n<div class=\"container\">\r\n            <h3 class=\"accordions-heading a-up\">Caracter\u00edsticas de la habitaci\u00f3n<\/h3>\r\n                            <div class=\"accordion a-up\">\r\n                                    <div class=\"accordion-title\">Elementos exclusivos<\/div>\r\n                                                    <div class=\"accordion-content\">\r\n                        <div class=\"accordion-content__inner\">\r\n                            <ul>\n<li>Piscina privada<\/li>\n<li>Dos terrazas<\/li>\n<li>Cocina y despensa totalmente equipadas<\/li>\n<li>Lavadora y secadora<\/li>\n<li>Chimenea de gas<\/li>\n<li>Sala de estar independiente, comedor y servicio de concierge personal<\/li>\n<\/ul>\n                        <\/div>\r\n                    <\/div>\r\n                            <\/div>\r\n                    <div class=\"accordion a-up\">\r\n                                    <div class=\"accordion-title\">Vista<\/div>\r\n                                                    <div class=\"accordion-content\">\r\n                        <div class=\"accordion-content__inner\">\r\n                            <p>Variedad de ubicaciones en todo el complejo con vistas al mar.<\/p>\n                        <\/div>\r\n                    <\/div>\r\n                            <\/div>\r\n                    <div class=\"accordion a-up\">\r\n                                    <div class=\"accordion-title\">Inclusiones<\/div>\r\n                                                    <div class=\"accordion-content\">\r\n                        <div class=\"accordion-content__inner\">\r\n                            <ul>\n<li>Tequila Premium de bienvenida<\/li>\n<li>Binoculares para avistar ballenas<\/li>\n<li>Amenidad diaria de chips, guacamole y cerveza mexicana<\/li>\n<li>Bolsa de playa<\/li>\n<li>Sesiones de fitness en la habitaci\u00f3n (por televisi\u00f3n)<\/li>\n<\/ul>\n                        <\/div>\r\n                    <\/div>\r\n                            <\/div>\r\n                    <div class=\"accordion a-up\">\r\n                                    <div class=\"accordion-title\">Dimensiones<\/div>\r\n                                                    <div class=\"accordion-content\">\r\n                        <div class=\"accordion-content__inner\">\r\n                            <p>2.685 metros cuadrados de espacio interior y exterior con muebles hechos a medida, obras de arte locales y aut\u00e9ntica decoraci\u00f3n y carpinter\u00eda de mezquite mexicano.<\/p>\n                        <\/div>\r\n                    <\/div>\r\n                            <\/div>\r\n                    <div class=\"accordion a-up\">\r\n                                    <div class=\"accordion-title\">Cuarto de ba\u00f1o<\/div>\r\n                                                    <div class=\"accordion-content\">\r\n                        <div class=\"accordion-content__inner\">\r\n                            <p>Ba\u00f1o inspirado en spa con ba\u00f1era profunda, ducha de lluvia separada con azulejos mexicanos, tocador doble pintado a mano y amenidades de ba\u00f1o personalizadas hechas en M\u00e9xico.<\/p>\n                        <\/div>\r\n                    <\/div>\r\n                            <\/div>\r\n                    <div class=\"accordion a-up\">\r\n                                    <div class=\"accordion-title\">Ocupaci\u00f3n<\/div>\r\n                                                    <div class=\"accordion-content\">\r\n                        <div class=\"accordion-content__inner\">\r\n                            <p>Cuatro adultos<\/p>\n                        <\/div>\r\n                    <\/div>\r\n                            <\/div>\r\n                    <div class=\"accordion a-up\">\r\n                                    <div class=\"accordion-title\">Servicios adicionales<\/div>\r\n                                                    <div class=\"accordion-content\">\r\n                        <div class=\"accordion-content__inner\">\r\n                            <ul>\n<li>Servicio de chef privado con men\u00fas personalizados disponible para cenas exclusivas, ya sea en su comedor interior o al aire libre en su terraza. Aplican cargos adicionales.<\/li>\n<li>Fogata con malvaviscos mexicanos<\/li>\n<li>Servicio de mayordomo para hacer de su estancia una experiencia inolvidable, disponible previa solicitud<\/li>\n<\/ul>\n<p>&nbsp;<\/p>\n                        <\/div>\r\n                    <\/div>\r\n                            <\/div>\r\n                <\/div>\r\n<\/section>\n\n<section id=\"responsive-spacer-block_d2969cb2eb99801847886a0f7e80a8e5\" class=\"responsive-spacer\">\r\n<\/section>\r\n<style>\r\n    #responsive-spacer-block_d2969cb2eb99801847886a0f7e80a8e5 {\r\n        width: 100%;\r\n    }\r\n        #responsive-spacer-block_d2969cb2eb99801847886a0f7e80a8e5 {\r\n        height: 130px;\r\n    }\r\n                @media (min-width: 769px) {\r\n            #responsive-spacer-block_d2969cb2eb99801847886a0f7e80a8e5 {\r\n                height: 140px;\r\n            }\r\n        }\r\n                @media (min-width: 1201px) {\r\n            #responsive-spacer-block_d2969cb2eb99801847886a0f7e80a8e5 {\r\n                height: 150px;\r\n            }\r\n        }\r\n    <\/style>\n\n<div id=\"page-block-block_ee4d4e646a1071538b83592dee464e67\" class=\"page-block\">\r\n    <div class=\"container\">\r\n                    <h2 class=\"page-block__heading\">Tambi\u00e9n le puede interesar<\/h2>\r\n            <\/div>\r\n    <div class=\"page-block__banner gradient-overlay\">\r\n                <a href=\"https:\/\/www.waldorfastorialoscabospedregal.com\/es\/habitaciones\/casitas\/\" target=\"\">\r\n                    <img class=\"lazyload\" data-src=\"https:\/\/cdn.waldorfastorialoscabospedregal.com\/wp-content\/uploads\/2026\/02\/11022309\/WALCP_K1VRR3_52_01_1655_web_res_vineta.jpg\" alt=\"\">\r\n            <div class=\"page-block__banner--content\">\r\n                                    <h2 class=\"page-block__banner--title\">Casitas<\/h2>\r\n                                                    <p class=\"page-block__banner--desc\">VISTAS AL OC\u00c9ANO - PISCINA PRIVADA - TERRAZAS - COCINA - SALA DE ESTAR<\/p>\r\n                            <\/div>\r\n                    <span><\/span>\r\n        <\/a>\r\n            <\/div>\r\n<\/div>\n\n\n<p><\/p>","protected":false},"excerpt":{"rendered":"<p>Espaciosa y elegante, esta villa de dos habitaciones y 2,685 pies cuadrados cuenta con piscina privada, servicio de mayordomo, cocina completa y una exquisita conexi\u00f3n entre interior y exterior, gracias a sus puertas corredizas que se abren a una amplia terraza y ventanales que enmarcan las vistas al oc\u00e9ano. <\/p>","protected":false},"featured_media":0,"parent":0,"menu_order":0,"template":"","meta":{"_acf_changed":true,"inline_featured_image":false},"room_category":[12],"class_list":["post-897","room","type-room","status-publish","hentry","room_category-villas"],"acf":[],"_links":{"self":[{"href":"https:\/\/www.waldorfastorialoscabospedregal.com\/es\/wp-json\/wp\/v2\/room\/897","targetHints":{"allow":["GET"]}}],"collection":[{"href":"https:\/\/www.waldorfastorialoscabospedregal.com\/es\/wp-json\/wp\/v2\/room"}],"about":[{"href":"https:\/\/www.waldorfastorialoscabospedregal.com\/es\/wp-json\/wp\/v2\/types\/room"}],"wp:attachment":[{"href":"https:\/\/www.waldorfastorialoscabospedregal.com\/es\/wp-json\/wp\/v2\/media?parent=897"}],"wp:term":[{"taxonomy":"room_category","embeddable":true,"href":"https:\/\/www.waldorfastorialoscabospedregal.com\/es\/wp-json\/wp\/v2\/room_category?post=897"}],"curies":[{"name":"wp","href":"https:\/\/api.w.org\/{rel}","templated":true}]}}